{"id":817,"date":"2018-05-08T00:47:42","date_gmt":"2018-05-08T03:47:42","guid":{"rendered":"http:\/\/gravuragaleria1.tempsite.ws\/?page_id=817"},"modified":"2024-07-26T11:34:23","modified_gmt":"2024-07-26T14:34:23","slug":"home","status":"publish","type":"page","link":"https:\/\/www.gravuragaleria.com.br\/","title":{"rendered":"Home"},"content":{"rendered":"<div id='full_slider_1'  class='avia-fullwidth-slider main_color avia-shadow   avia-builder-el-0  el_before_av_section  avia-builder-el-first   container_wrap fullsize' style=' '  ><div   data-size='featured_large'  data-lightbox_size='large'  data-animation='fade'  data-conditional_play=''  data-ids='6200,6201,6202,6203,6204,6205,6206,6207,6208,6209,6210,6211'  data-video_counter='0'  data-autoplay='true'  data-bg_slider='false'  data-slide_height=''  data-handle='av_slideshow_full'  data-interval='4'  data-class=' '  data-el_id=''  data-css_id=''  data-scroll_down=''  data-control_layout='av-control-hidden'  data-custom_markup=''  data-perma_caption=''  data-autoplay_stopper=''  data-image_attachment=''  data-min_height='0px'  data-src=''  data-position='top left'  data-repeat='no-repeat'  data-attach='scroll'  data-stretch=''  data-default-height='42'  class='avia-slideshow avia-slideshow-1  av-control-hidden av-default-height-applied avia-slideshow-featured_large av_slideshow_full   avia-fade-slider '  itemprop=\"image\" itemscope=\"itemscope\" itemtype=\"https:\/\/schema.org\/ImageObject\" ><ul class='avia-slideshow-inner ' style='padding-bottom: 42%;' ><li  class=' slide-1 ' ><div data-rel='slideshow-1' class='avia-slide-wrap '   ><img src='https:\/\/www.gravuragaleria.com.br\/wp-content\/uploads\/2018\/07\/1-1.jpg' width='1500' height='630' title='1' alt=''  itemprop=\"thumbnailUrl\"   \/><\/div><\/li><li  class=' slide-2 ' ><div data-rel='slideshow-1' class='avia-slide-wrap '   ><img src='https:\/\/www.gravuragaleria.com.br\/wp-content\/uploads\/2018\/07\/2-1.jpg' width='1500' height='630' title='2' alt=''  itemprop=\"thumbnailUrl\"   \/><\/div><\/li><li  class=' slide-3 ' ><div data-rel='slideshow-1' class='avia-slide-wrap '   ><img src='https:\/\/www.gravuragaleria.com.br\/wp-content\/uploads\/2018\/07\/3-1.jpg' width='1500' height='630' title='3' alt=''  itemprop=\"thumbnailUrl\"   \/><\/div><\/li><li  class=' slide-4 ' ><div data-rel='slideshow-1' class='avia-slide-wrap '   ><img src='https:\/\/www.gravuragaleria.com.br\/wp-content\/uploads\/2018\/07\/4-1.jpg' width='1500' height='630' title='4' alt=''  itemprop=\"thumbnailUrl\"   \/><\/div><\/li><li  class=' slide-5 ' ><div data-rel='slideshow-1' class='avia-slide-wrap '   ><img src='https:\/\/www.gravuragaleria.com.br\/wp-content\/uploads\/2018\/07\/5.jpg' width='1500' height='630' title='5' alt=''  itemprop=\"thumbnailUrl\"   \/><\/div><\/li><li  class=' slide-6 ' ><div data-rel='slideshow-1' class='avia-slide-wrap '   ><img src='https:\/\/www.gravuragaleria.com.br\/wp-content\/uploads\/2018\/07\/6.jpg' width='1500' height='630' title='6' alt=''  itemprop=\"thumbnailUrl\"   \/><\/div><\/li><li  class=' slide-7 ' ><div data-rel='slideshow-1' class='avia-slide-wrap '   ><img src='https:\/\/www.gravuragaleria.com.br\/wp-content\/uploads\/2018\/07\/7.jpg' width='1500' height='630' title='7' alt=''  itemprop=\"thumbnailUrl\"   \/><\/div><\/li><li  class=' slide-8 ' ><div data-rel='slideshow-1' class='avia-slide-wrap '   ><img src='https:\/\/www.gravuragaleria.com.br\/wp-content\/uploads\/2018\/07\/8.jpg' width='1500' height='630' title='8' alt=''  itemprop=\"thumbnailUrl\"   \/><\/div><\/li><li  class=' slide-9 ' ><div data-rel='slideshow-1' class='avia-slide-wrap '   ><img src='https:\/\/www.gravuragaleria.com.br\/wp-content\/uploads\/2018\/07\/9.jpg' width='1500' height='630' title='9' alt=''  itemprop=\"thumbnailUrl\"   \/><\/div><\/li><li  class=' slide-10 ' ><div data-rel='slideshow-1' class='avia-slide-wrap '   ><img src='https:\/\/www.gravuragaleria.com.br\/wp-content\/uploads\/2018\/07\/10.jpg' width='1500' height='630' title='10' alt=''  itemprop=\"thumbnailUrl\"   \/><\/div><\/li><li  class=' slide-11 ' ><div data-rel='slideshow-1' class='avia-slide-wrap '   ><img src='https:\/\/www.gravuragaleria.com.br\/wp-content\/uploads\/2018\/07\/11.jpg' width='1500' height='630' title='11' alt=''  itemprop=\"thumbnailUrl\"   \/><\/div><\/li><li  class=' slide-12 ' ><div data-rel='slideshow-1' class='avia-slide-wrap '   ><img src='https:\/\/www.gravuragaleria.com.br\/wp-content\/uploads\/2018\/07\/12.jpg' width='1500' height='630' title='12' alt=''  itemprop=\"thumbnailUrl\"   \/><\/div><\/li><\/ul><div class='avia-slideshow-arrows avia-slideshow-controls'><a href='#prev' class='prev-slide' aria-hidden='true' data-av_icon='\ue87c' data-av_iconfont='entypo-fontello'>Anterior<\/a><a href='#next' class='next-slide' aria-hidden='true' data-av_icon='\ue87d' data-av_iconfont='entypo-fontello'>Pr\u00f3ximo<\/a><\/div><div class='avia-slideshow-dots avia-slideshow-controls'><a href='#1' class='goto-slide active' >1<\/a><a href='#2' class='goto-slide ' >2<\/a><a href='#3' class='goto-slide ' >3<\/a><a href='#4' class='goto-slide ' >4<\/a><a href='#5' class='goto-slide ' >5<\/a><a href='#6' class='goto-slide ' >6<\/a><a href='#7' class='goto-slide ' >7<\/a><a href='#8' class='goto-slide ' >8<\/a><a href='#9' class='goto-slide ' >9<\/a><a href='#10' class='goto-slide ' >10<\/a><a href='#11' class='goto-slide ' >11<\/a><a href='#12' class='goto-slide ' >12<\/a><\/div><\/div><\/div>\n<div id='av_section_1'  class='avia-section main_color avia-section-huge avia-no-shadow  avia-bg-style-scroll  avia-builder-el-1  el_after_av_slideshow_full  el_before_av_button_big   container_wrap fullsize' style=' '  ><div class='container' ><div class='template-page content  av-content-full alpha units'><div class='post-entry post-entry-type-page post-entry-817'><div class='entry-content-wrapper clearfix'>\n<div class=\"flex_column av_one_full  flex_column_div av-zero-column-padding first  avia-builder-el-2  el_before_av_hr  avia-builder-el-first  \" style='border-radius:0px; '><div  style='padding-bottom:10px; ' class='av-special-heading av-special-heading-h1  blockquote modern-quote modern-centered  avia-builder-el-3  avia-builder-el-no-sibling  '><h1 class='av-special-heading-tag '  itemprop=\"headline\"  >DESDE <B>1996<\/B>,<br \/>RENOVANDO O <B>CONCEITO<\/B> <br \/>DE <B>GALERIA<\/B> DE ARTE<\/h1><div class='special-heading-border'><div class='special-heading-inner-border' ><\/div><\/div><\/div><\/div><div  style=' margin-top:50px; margin-bottom:50px;'  class='hr hr-custom hr-center hr-icon-no   avia-builder-el-4  el_after_av_one_full  el_before_av_one_third '><span class='hr-inner  inner-border-av-border-thin' style=' width:50px; border-color:#000000;' ><span class='hr-inner-style'><\/span><\/span><\/div>\n<div class=\"flex_column av_one_third  flex_column_div av-zero-column-padding first  avia-builder-el-5  el_after_av_hr  el_before_av_one_third  \" style='border-radius:0px; '><section class=\"av_textblock_section \"  itemscope=\"itemscope\" itemtype=\"https:\/\/schema.org\/CreativeWork\" ><div class='avia_textblock  '   itemprop=\"text\" ><h4>Mais de 100 artistas<\/h4>\n<p>Conhe\u00e7a nosso acervo, que conta com grandes nomes da pintura, escultura, gravura, fotografia e outras t\u00e9cnicas.<\/p>\n<\/div><\/section><\/div><div class=\"flex_column av_one_third  flex_column_div av-zero-column-padding   avia-builder-el-7  el_after_av_one_third  el_before_av_one_third  \" style='border-radius:0px; '><section class=\"av_textblock_section \"  itemscope=\"itemscope\" itemtype=\"https:\/\/schema.org\/CreativeWork\" ><div class='avia_textblock  '   itemprop=\"text\" ><h4>Atendimento Personalizado<\/h4>\n<p>Com atendimento personalizado, a galeria oferece a possibilidade de levar as obras de arte at\u00e9 o local para que o cliente possa tomar a decis\u00e3o com toda a seguran\u00e7a.<\/p>\n<\/div><\/section><\/div><div class=\"flex_column av_one_third  flex_column_div av-zero-column-padding   avia-builder-el-9  el_after_av_one_third  avia-builder-el-last  \" style='border-radius:0px; '><section class=\"av_textblock_section \"  itemscope=\"itemscope\" itemtype=\"https:\/\/schema.org\/CreativeWork\" ><div class='avia_textblock  '   itemprop=\"text\" ><h4>Consultoria T\u00e9cnica<\/h4>\n<p>A Galeria esclarece aspectos de informa\u00e7\u00f5es ao consumidor e aos arquitetos, sobre artistas e t\u00e9cnicas.<\/p>\n<\/div><\/section><\/div>\n\n<div  class='avia-button-wrap avia-button-center  avia-builder-el-11  el_after_av_section  el_before_av_portfolio ' ><a href='https:\/\/www.gravuragaleria.com.br\/?page_id=17' class='avia-button avia-button-fullwidth   avia-icon_select-no avia-color-custom '  style='color:#ffffff; background-color:#134870;  ' ><span class='avia_iconbox_title' >Conhe\u00e7a nosso acervo completo<\/span><span class='avia_button_background avia-button avia-button-fullwidth avia-color-custom' style='background-color:#034972; '><\/span><\/a><\/div>\n<div  id=\"av-sc-portfolio-1\"  class=' grid-sort-container isotope   no_margin-container with-title-container grid-total-even grid-col-6 grid-links-' data-portfolio-id='1'><div data-ajax-id='802' class=' grid-entry flex_column isotope-item all_sort no_margin post-entry post-entry-802 grid-entry-overview grid-loop-1 grid-parity-odd   av_one_sixth first default_av_fullwidth '><article class='main_color inner-entry'  itemscope=\"itemscope\" itemtype=\"https:\/\/schema.org\/CreativeWork\" ><a href='https:\/\/www.gravuragaleria.com.br\/?portfolio=biba-mattos' title='Biba Mattos'  data-rel='grid-1' class='grid-image avia-hover-fx'><img loading=\"lazy\" decoding=\"async\" width=\"180\" height=\"180\" src=\"https:\/\/www.gravuragaleria.com.br\/wp-content\/uploads\/2018\/05\/BBM-5238-32X16X9-20201024_Obras-Acervo_Gravura-Galeria-de-Arte-\u00a9Nilton-Santolin_IMG_0156-180x180.jpg\" class=\"attachment-square size-square wp-post-image\" alt=\"\" srcset=\"https:\/\/www.gravuragaleria.com.br\/wp-content\/uploads\/2018\/05\/BBM-5238-32X16X9-20201024_Obras-Acervo_Gravura-Galeria-de-Arte-\u00a9Nilton-Santolin_IMG_0156-180x180.jpg 180w, https:\/\/www.gravuragaleria.com.br\/wp-content\/uploads\/2018\/05\/BBM-5238-32X16X9-20201024_Obras-Acervo_Gravura-Galeria-de-Arte-\u00a9Nilton-Santolin_IMG_0156-80x80.jpg 80w, https:\/\/www.gravuragaleria.com.br\/wp-content\/uploads\/2018\/05\/BBM-5238-32X16X9-20201024_Obras-Acervo_Gravura-Galeria-de-Arte-\u00a9Nilton-Santolin_IMG_0156-36x36.jpg 36w, https:\/\/www.gravuragaleria.com.br\/wp-content\/uploads\/2018\/05\/BBM-5238-32X16X9-20201024_Obras-Acervo_Gravura-Galeria-de-Arte-\u00a9Nilton-Santolin_IMG_0156-100x100.jpg 100w, https:\/\/www.gravuragaleria.com.br\/wp-content\/uploads\/2018\/05\/BBM-5238-32X16X9-20201024_Obras-Acervo_Gravura-Galeria-de-Arte-\u00a9Nilton-Santolin_IMG_0156-300x300.jpg 300w\" sizes=\"auto, (max-width: 180px) 100vw, 180px\" \/><\/a><div class='grid-content'><div class='avia-arrow'><\/div><header class=\"entry-content-header\"><h3 class='grid-entry-title entry-title '  itemprop=\"headline\" ><a href='https:\/\/www.gravuragaleria.com.br\/?portfolio=biba-mattos' title='Biba Mattos'>Biba Mattos<\/a><\/h3><\/header><\/div><footer class=\"entry-footer\"><\/footer><\/article><\/div><div data-ajax-id='25142' class=' grid-entry flex_column isotope-item all_sort no_margin post-entry post-entry-25142 grid-entry-overview grid-loop-2 grid-parity-even   av_one_sixth  default_av_fullwidth '><article class='main_color inner-entry'  itemscope=\"itemscope\" itemtype=\"https:\/\/schema.org\/CreativeWork\" ><a href='https:\/\/www.gravuragaleria.com.br\/?portfolio=alessandra-pauletti' title='Alessandra Pauletti'  data-rel='grid-1' class='grid-image avia-hover-fx'><img loading=\"lazy\" decoding=\"async\" width=\"180\" height=\"180\" src=\"https:\/\/www.gravuragaleria.com.br\/wp-content\/uploads\/2024\/10\/PAP-01-MENSAGEIRAS-70x40-1-180x180.jpg\" class=\"attachment-square size-square wp-post-image\" alt=\"\" srcset=\"https:\/\/www.gravuragaleria.com.br\/wp-content\/uploads\/2024\/10\/PAP-01-MENSAGEIRAS-70x40-1-180x180.jpg 180w, https:\/\/www.gravuragaleria.com.br\/wp-content\/uploads\/2024\/10\/PAP-01-MENSAGEIRAS-70x40-1-80x80.jpg 80w, https:\/\/www.gravuragaleria.com.br\/wp-content\/uploads\/2024\/10\/PAP-01-MENSAGEIRAS-70x40-1-36x36.jpg 36w, https:\/\/www.gravuragaleria.com.br\/wp-content\/uploads\/2024\/10\/PAP-01-MENSAGEIRAS-70x40-1-100x100.jpg 100w, https:\/\/www.gravuragaleria.com.br\/wp-content\/uploads\/2024\/10\/PAP-01-MENSAGEIRAS-70x40-1-300x300.jpg 300w\" sizes=\"auto, (max-width: 180px) 100vw, 180px\" \/><\/a><div class='grid-content'><div class='avia-arrow'><\/div><header class=\"entry-content-header\"><h3 class='grid-entry-title entry-title '  itemprop=\"headline\" ><a href='https:\/\/www.gravuragaleria.com.br\/?portfolio=alessandra-pauletti' title='Alessandra Pauletti'>Alessandra Pauletti<\/a><\/h3><\/header><\/div><footer class=\"entry-footer\"><\/footer><\/article><\/div><div data-ajax-id='25661' class=' grid-entry flex_column isotope-item all_sort no_margin post-entry post-entry-25661 grid-entry-overview grid-loop-3 grid-parity-odd   av_one_sixth  default_av_fullwidth '><article class='main_color inner-entry'  itemscope=\"itemscope\" itemtype=\"https:\/\/schema.org\/CreativeWork\" ><a href='https:\/\/www.gravuragaleria.com.br\/?portfolio=sonia-seibel' title='S\u00f4nia Seibel'  data-rel='grid-1' class='grid-image avia-hover-fx'><img loading=\"lazy\" decoding=\"async\" width=\"180\" height=\"180\" src=\"https:\/\/www.gravuragaleria.com.br\/wp-content\/uploads\/2024\/11\/SOS-0007-28X28X18-180x180.jpg\" class=\"attachment-square size-square wp-post-image\" alt=\"\" srcset=\"https:\/\/www.gravuragaleria.com.br\/wp-content\/uploads\/2024\/11\/SOS-0007-28X28X18-180x180.jpg 180w, https:\/\/www.gravuragaleria.com.br\/wp-content\/uploads\/2024\/11\/SOS-0007-28X28X18-80x80.jpg 80w, https:\/\/www.gravuragaleria.com.br\/wp-content\/uploads\/2024\/11\/SOS-0007-28X28X18-36x36.jpg 36w, https:\/\/www.gravuragaleria.com.br\/wp-content\/uploads\/2024\/11\/SOS-0007-28X28X18-100x100.jpg 100w, https:\/\/www.gravuragaleria.com.br\/wp-content\/uploads\/2024\/11\/SOS-0007-28X28X18-300x300.jpg 300w\" sizes=\"auto, (max-width: 180px) 100vw, 180px\" \/><\/a><div class='grid-content'><div class='avia-arrow'><\/div><header class=\"entry-content-header\"><h3 class='grid-entry-title entry-title '  itemprop=\"headline\" ><a href='https:\/\/www.gravuragaleria.com.br\/?portfolio=sonia-seibel' title='S\u00f4nia Seibel'>S\u00f4nia Seibel<\/a><\/h3><\/header><\/div><footer class=\"entry-footer\"><\/footer><\/article><\/div><div data-ajax-id='74' class=' grid-entry flex_column isotope-item all_sort no_margin post-entry post-entry-74 grid-entry-overview grid-loop-4 grid-parity-even   av_one_sixth  default_av_fullwidth '><article class='main_color inner-entry'  itemscope=\"itemscope\" itemtype=\"https:\/\/schema.org\/CreativeWork\" ><a href='https:\/\/www.gravuragaleria.com.br\/?portfolio=anico-herscowitz' title='Anico Herscovitz'  data-rel='grid-1' class='grid-image avia-hover-fx'><img loading=\"lazy\" decoding=\"async\" width=\"180\" height=\"180\" src=\"https:\/\/www.gravuragaleria.com.br\/wp-content\/uploads\/2018\/04\/ANH-02-40X43-c-moldura-180x180.jpeg\" class=\"attachment-square size-square wp-post-image\" alt=\"\" srcset=\"https:\/\/www.gravuragaleria.com.br\/wp-content\/uploads\/2018\/04\/ANH-02-40X43-c-moldura-180x180.jpeg 180w, https:\/\/www.gravuragaleria.com.br\/wp-content\/uploads\/2018\/04\/ANH-02-40X43-c-moldura-80x80.jpeg 80w, https:\/\/www.gravuragaleria.com.br\/wp-content\/uploads\/2018\/04\/ANH-02-40X43-c-moldura-36x36.jpeg 36w, https:\/\/www.gravuragaleria.com.br\/wp-content\/uploads\/2018\/04\/ANH-02-40X43-c-moldura-100x100.jpeg 100w, https:\/\/www.gravuragaleria.com.br\/wp-content\/uploads\/2018\/04\/ANH-02-40X43-c-moldura-300x300.jpeg 300w\" sizes=\"auto, (max-width: 180px) 100vw, 180px\" \/><\/a><div class='grid-content'><div class='avia-arrow'><\/div><header class=\"entry-content-header\"><h3 class='grid-entry-title entry-title '  itemprop=\"headline\" ><a href='https:\/\/www.gravuragaleria.com.br\/?portfolio=anico-herscowitz' title='Anico Herscovitz'>Anico Herscovitz<\/a><\/h3><\/header><\/div><footer class=\"entry-footer\"><\/footer><\/article><\/div><div data-ajax-id='17494' class=' grid-entry flex_column isotope-item all_sort no_margin post-entry post-entry-17494 grid-entry-overview grid-loop-5 grid-parity-odd   av_one_sixth  default_av_fullwidth '><article class='main_color inner-entry'  itemscope=\"itemscope\" itemtype=\"https:\/\/schema.org\/CreativeWork\" ><a href='https:\/\/www.gravuragaleria.com.br\/?portfolio=andrea-schul' title='Andrea Schul'  data-rel='grid-1' class='grid-image avia-hover-fx'><img loading=\"lazy\" decoding=\"async\" width=\"180\" height=\"180\" src=\"https:\/\/www.gravuragaleria.com.br\/wp-content\/uploads\/2022\/01\/ASH-0031-113X203-180x180.jpg\" class=\"attachment-square size-square wp-post-image\" alt=\"\" srcset=\"https:\/\/www.gravuragaleria.com.br\/wp-content\/uploads\/2022\/01\/ASH-0031-113X203-180x180.jpg 180w, https:\/\/www.gravuragaleria.com.br\/wp-content\/uploads\/2022\/01\/ASH-0031-113X203-80x80.jpg 80w, https:\/\/www.gravuragaleria.com.br\/wp-content\/uploads\/2022\/01\/ASH-0031-113X203-36x36.jpg 36w, https:\/\/www.gravuragaleria.com.br\/wp-content\/uploads\/2022\/01\/ASH-0031-113X203-100x100.jpg 100w, https:\/\/www.gravuragaleria.com.br\/wp-content\/uploads\/2022\/01\/ASH-0031-113X203-300x300.jpg 300w\" sizes=\"auto, (max-width: 180px) 100vw, 180px\" \/><\/a><div class='grid-content'><div class='avia-arrow'><\/div><header class=\"entry-content-header\"><h3 class='grid-entry-title entry-title '  itemprop=\"headline\" ><a href='https:\/\/www.gravuragaleria.com.br\/?portfolio=andrea-schul' title='Andrea Schul'>Andrea Schul<\/a><\/h3><\/header><\/div><footer class=\"entry-footer\"><\/footer><\/article><\/div><div data-ajax-id='25504' class=' grid-entry flex_column isotope-item all_sort no_margin post-entry post-entry-25504 grid-entry-overview grid-loop-6 grid-parity-even  post-entry-last   av_one_sixth  default_av_fullwidth '><article class='main_color inner-entry'  itemscope=\"itemscope\" itemtype=\"https:\/\/schema.org\/CreativeWork\" ><a href='https:\/\/www.gravuragaleria.com.br\/?portfolio=henrique-amaral' title='Henrique Amaral'  data-rel='grid-1' class='grid-image avia-hover-fx'><img loading=\"lazy\" decoding=\"async\" width=\"180\" height=\"180\" src=\"https:\/\/www.gravuragaleria.com.br\/wp-content\/uploads\/2024\/11\/HAM-0121-50x70C-180x180.jpg\" class=\"attachment-square size-square wp-post-image\" alt=\"\" srcset=\"https:\/\/www.gravuragaleria.com.br\/wp-content\/uploads\/2024\/11\/HAM-0121-50x70C-180x180.jpg 180w, https:\/\/www.gravuragaleria.com.br\/wp-content\/uploads\/2024\/11\/HAM-0121-50x70C-80x80.jpg 80w, https:\/\/www.gravuragaleria.com.br\/wp-content\/uploads\/2024\/11\/HAM-0121-50x70C-36x36.jpg 36w, https:\/\/www.gravuragaleria.com.br\/wp-content\/uploads\/2024\/11\/HAM-0121-50x70C-100x100.jpg 100w, https:\/\/www.gravuragaleria.com.br\/wp-content\/uploads\/2024\/11\/HAM-0121-50x70C-300x300.jpg 300w\" sizes=\"auto, (max-width: 180px) 100vw, 180px\" \/><\/a><div class='grid-content'><div class='avia-arrow'><\/div><header class=\"entry-content-header\"><h3 class='grid-entry-title entry-title '  itemprop=\"headline\" ><a href='https:\/\/www.gravuragaleria.com.br\/?portfolio=henrique-amaral' title='Henrique Amaral'>Henrique Amaral<\/a><\/h3><\/header><\/div><footer class=\"entry-footer\"><\/footer><\/article><\/div><\/div>\n<div id='av-layout-grid-1'  class='av-layout-grid-container entry-content-wrapper main_color av-flex-cells     avia-builder-el-13  el_after_av_portfolio  el_before_av_section  submenu-not-first container_wrap fullsize' style=' '  >\n<div class=\"flex_cell no_margin av_one_full  avia-builder-el-14  avia-builder-el-no-sibling   av-zero-padding \"  style='height:10px; min-height:10px;background: #5497a7; vertical-align:middle; padding:0; background-color:#5497a7; ' ><div class='flex_cell_inner' ><\/div><\/div>\n<\/div>\n<div id='av_section_2'  class='avia-section main_color avia-section-large avia-no-shadow  avia-bg-style-scroll  avia-builder-el-15  el_after_av_layout_row  el_before_av_section   container_wrap fullsize' style=' '  ><div class='container' ><div class='template-page content  av-content-full alpha units'><div class='post-entry post-entry-type-page post-entry-817'><div class='entry-content-wrapper clearfix'>\n<div  style='padding-bottom:60px; ' class='av-special-heading av-special-heading-h2  blockquote modern-quote modern-centered  avia-builder-el-16  el_before_av_one_third  avia-builder-el-first  '><h2 class='av-special-heading-tag '  itemprop=\"headline\"  >\u00daltimas exposi\u00e7\u00f5es<\/h2><div class='special-heading-border'><div class='special-heading-inner-border' ><\/div><\/div><\/div>\n<div class=\"flex_column av_one_third  flex_column_div av-zero-column-padding first  avia-builder-el-17  el_after_av_heading  el_before_av_one_third  \" style='border-radius:0px; '><div  id=\"1\"  class='av-magazine   avia-builder-el-18  avia-builder-el-no-sibling   av-magazine-hero-top ' ><div class='av-magazine-group sort_all'><div class='av-magazine-hero first '><article class='av-magazine-entry av-magazine-entry-id-27425 av-magazine-format-standard av-magazine-type-post av-magazine-entry-1 av-magazine-entry-big '  itemscope=\"itemscope\" itemtype=\"https:\/\/schema.org\/CreativeWork\" ><div class='av-magazine-thumbnail'><a href='https:\/\/www.gravuragaleria.com.br\/?p=27425' title='Link to: Galeria Gravura abre as mostras \u201cMuitos Mundos\u201d e \u201cDo Descarte \u00e0 Superf\u00edcie&#8221;' class='av-magazine-thumbnail-link '><img loading=\"lazy\" decoding=\"async\" width=\"710\" height=\"375\" src=\"https:\/\/www.gravuragaleria.com.br\/wp-content\/uploads\/2026\/03\/Capa-FacebookGravura-2-710x375.png\" class=\"attachment-magazine size-magazine wp-post-image\" alt=\"\" \/><\/a><\/div><div class='av-magazine-content-wrap'><header class='entry-content-header'><time class='av-magazine-time updated'  itemprop=\"datePublished\" datetime=\"2026-03-31T15:46:43-03:00\" >31 de mar\u00e7o de 2026<\/time><h3 class='av-magazine-title entry-title '  itemprop=\"headline\" ><a href='https:\/\/www.gravuragaleria.com.br\/?p=27425' title='Link to: Galeria Gravura abre as mostras \u201cMuitos Mundos\u201d e \u201cDo Descarte \u00e0 Superf\u00edcie&#8221;'>Galeria Gravura abre as mostras \u201cMuitos Mundos\u201d e \u201cDo Descarte \u00e0 Superf\u00edcie&#8221;<\/a><\/h3><\/header><div class='av-magazine-content entry-content'  itemprop=\"text\" >\nArtistas visuais Andr\u00e9ia Moll e Leonor Moura apresentam suas\u2026<\/div><\/div><footer class='entry-footer'><\/footer><\/article><\/div><\/div><\/div><\/div><div class=\"flex_column av_one_third  flex_column_div av-zero-column-padding   avia-builder-el-19  el_after_av_one_third  el_before_av_one_third  \" style='border-radius:0px; '><div  id=\"2\"  class='av-magazine   avia-builder-el-20  avia-builder-el-no-sibling   ' ><div class='av-magazine-group sort_all'><article class='av-magazine-entry av-magazine-entry-id-27405 av-magazine-format-standard av-magazine-type-post av-magazine-entry-1 av-magazine-entry-small '  itemscope=\"itemscope\" itemtype=\"https:\/\/schema.org\/CreativeWork\" ><div class='av-magazine-thumbnail'><a href='https:\/\/www.gravuragaleria.com.br\/?p=27405' title='Link to: Gravura Galeria de Arte homenageia os 254 anos de Porto Alegre com mostra de Erico Santos' class='av-magazine-thumbnail-link '><img loading=\"lazy\" decoding=\"async\" width=\"80\" height=\"80\" src=\"https:\/\/www.gravuragaleria.com.br\/wp-content\/uploads\/2026\/03\/Capa-FacebookGravura-1-80x80.png\" class=\"attachment-thumbnail size-thumbnail wp-post-image\" alt=\"\" srcset=\"https:\/\/www.gravuragaleria.com.br\/wp-content\/uploads\/2026\/03\/Capa-FacebookGravura-1-80x80.png 80w, https:\/\/www.gravuragaleria.com.br\/wp-content\/uploads\/2026\/03\/Capa-FacebookGravura-1-36x36.png 36w, https:\/\/www.gravuragaleria.com.br\/wp-content\/uploads\/2026\/03\/Capa-FacebookGravura-1-180x180.png 180w, https:\/\/www.gravuragaleria.com.br\/wp-content\/uploads\/2026\/03\/Capa-FacebookGravura-1-120x120.png 120w, https:\/\/www.gravuragaleria.com.br\/wp-content\/uploads\/2026\/03\/Capa-FacebookGravura-1-450x450.png 450w, https:\/\/www.gravuragaleria.com.br\/wp-content\/uploads\/2026\/03\/Capa-FacebookGravura-1-300x300.png 300w, https:\/\/www.gravuragaleria.com.br\/wp-content\/uploads\/2026\/03\/Capa-FacebookGravura-1-100x100.png 100w\" sizes=\"auto, (max-width: 80px) 100vw, 80px\" \/><\/a><\/div><div class='av-magazine-content-wrap'><header class='entry-content-header'><time class='av-magazine-time updated'  itemprop=\"datePublished\" datetime=\"2026-03-17T11:44:07-03:00\" >17 de mar\u00e7o de 2026<\/time><h3 class='av-magazine-title entry-title '  itemprop=\"headline\" ><a href='https:\/\/www.gravuragaleria.com.br\/?p=27405' title='Link to: Gravura Galeria de Arte homenageia os 254 anos de Porto Alegre com mostra de Erico Santos'>Gravura Galeria de Arte homenageia os 254 anos de Porto Alegre com mostra de Erico Santos<\/a><\/h3><\/header><\/div><footer class='entry-footer'><\/footer><\/article><article class='av-magazine-entry av-magazine-entry-id-27305 av-magazine-format-standard av-magazine-type-post av-magazine-entry-2 av-magazine-entry-small '  itemscope=\"itemscope\" itemtype=\"https:\/\/schema.org\/CreativeWork\" ><div class='av-magazine-thumbnail'><a href='https:\/\/www.gravuragaleria.com.br\/?p=27305' title='Link to: Artista visual ga\u00facha radicada na Fran\u00e7a abre exposi\u00e7\u00e3o na Gravura Galeria de Arte' class='av-magazine-thumbnail-link '><img loading=\"lazy\" decoding=\"async\" width=\"80\" height=\"80\" src=\"https:\/\/www.gravuragaleria.com.br\/wp-content\/uploads\/2026\/03\/Card-Sibelle-80x80.png\" class=\"attachment-thumbnail size-thumbnail wp-post-image\" alt=\"\" srcset=\"https:\/\/www.gravuragaleria.com.br\/wp-content\/uploads\/2026\/03\/Card-Sibelle-80x80.png 80w, https:\/\/www.gravuragaleria.com.br\/wp-content\/uploads\/2026\/03\/Card-Sibelle-36x36.png 36w, https:\/\/www.gravuragaleria.com.br\/wp-content\/uploads\/2026\/03\/Card-Sibelle-180x180.png 180w, https:\/\/www.gravuragaleria.com.br\/wp-content\/uploads\/2026\/03\/Card-Sibelle-120x120.png 120w, https:\/\/www.gravuragaleria.com.br\/wp-content\/uploads\/2026\/03\/Card-Sibelle-450x450.png 450w, https:\/\/www.gravuragaleria.com.br\/wp-content\/uploads\/2026\/03\/Card-Sibelle-300x300.png 300w, https:\/\/www.gravuragaleria.com.br\/wp-content\/uploads\/2026\/03\/Card-Sibelle-100x100.png 100w\" sizes=\"auto, (max-width: 80px) 100vw, 80px\" \/><\/a><\/div><div class='av-magazine-content-wrap'><header class='entry-content-header'><time class='av-magazine-time updated'  itemprop=\"datePublished\" datetime=\"2026-03-03T14:41:20-03:00\" >3 de mar\u00e7o de 2026<\/time><h3 class='av-magazine-title entry-title '  itemprop=\"headline\" ><a href='https:\/\/www.gravuragaleria.com.br\/?p=27305' title='Link to: Artista visual ga\u00facha radicada na Fran\u00e7a abre exposi\u00e7\u00e3o na Gravura Galeria de Arte'>Artista visual ga\u00facha radicada na Fran\u00e7a abre exposi\u00e7\u00e3o na Gravura Galeria de Arte<\/a><\/h3><\/header><\/div><footer class='entry-footer'><\/footer><\/article><article class='av-magazine-entry av-magazine-entry-id-27117 av-magazine-format-standard av-magazine-type-post av-magazine-entry-3 av-magazine-entry-small '  itemscope=\"itemscope\" itemtype=\"https:\/\/schema.org\/CreativeWork\" ><div class='av-magazine-thumbnail'><a href='https:\/\/www.gravuragaleria.com.br\/?p=27117' title='Link to: Gravura Galeria de Arte recebe exposi\u00e7\u00e3o coletiva para encerrar a programa\u00e7\u00e3o de 2025' class='av-magazine-thumbnail-link '><img loading=\"lazy\" decoding=\"async\" width=\"80\" height=\"80\" src=\"https:\/\/www.gravuragaleria.com.br\/wp-content\/uploads\/2025\/12\/Card-Simples-NATAL-ARTE-80x80.png\" class=\"attachment-thumbnail size-thumbnail wp-post-image\" alt=\"\" srcset=\"https:\/\/www.gravuragaleria.com.br\/wp-content\/uploads\/2025\/12\/Card-Simples-NATAL-ARTE-80x80.png 80w, https:\/\/www.gravuragaleria.com.br\/wp-content\/uploads\/2025\/12\/Card-Simples-NATAL-ARTE-36x36.png 36w, https:\/\/www.gravuragaleria.com.br\/wp-content\/uploads\/2025\/12\/Card-Simples-NATAL-ARTE-180x180.png 180w, https:\/\/www.gravuragaleria.com.br\/wp-content\/uploads\/2025\/12\/Card-Simples-NATAL-ARTE-120x120.png 120w, https:\/\/www.gravuragaleria.com.br\/wp-content\/uploads\/2025\/12\/Card-Simples-NATAL-ARTE-450x450.png 450w, https:\/\/www.gravuragaleria.com.br\/wp-content\/uploads\/2025\/12\/Card-Simples-NATAL-ARTE-300x300.png 300w, https:\/\/www.gravuragaleria.com.br\/wp-content\/uploads\/2025\/12\/Card-Simples-NATAL-ARTE-100x100.png 100w\" sizes=\"auto, (max-width: 80px) 100vw, 80px\" \/><\/a><\/div><div class='av-magazine-content-wrap'><header class='entry-content-header'><time class='av-magazine-time updated'  itemprop=\"datePublished\" datetime=\"2025-12-05T11:35:42-03:00\" >5 de dezembro de 2025<\/time><h3 class='av-magazine-title entry-title '  itemprop=\"headline\" ><a href='https:\/\/www.gravuragaleria.com.br\/?p=27117' title='Link to: Gravura Galeria de Arte recebe exposi\u00e7\u00e3o coletiva para encerrar a programa\u00e7\u00e3o de 2025'>Gravura Galeria de Arte recebe exposi\u00e7\u00e3o coletiva para encerrar a programa\u00e7\u00e3o de 2025<\/a><\/h3><\/header><\/div><footer class='entry-footer'><\/footer><\/article><article class='av-magazine-entry av-magazine-entry-id-26869 av-magazine-format-standard av-magazine-type-post av-magazine-entry-4 av-magazine-entry-small '  itemscope=\"itemscope\" itemtype=\"https:\/\/schema.org\/CreativeWork\" ><div class='av-magazine-thumbnail'><a href='https:\/\/www.gravuragaleria.com.br\/?p=26869' title='Link to: Duas exposi\u00e7\u00f5es simult\u00e2neas inauguram em novembro em Porto Alegre' class='av-magazine-thumbnail-link '><img loading=\"lazy\" decoding=\"async\" width=\"80\" height=\"80\" src=\"https:\/\/www.gravuragaleria.com.br\/wp-content\/uploads\/2025\/11\/Screenshot-2025-11-07-at-13.22.00-80x80.png\" class=\"attachment-thumbnail size-thumbnail wp-post-image\" alt=\"\" srcset=\"https:\/\/www.gravuragaleria.com.br\/wp-content\/uploads\/2025\/11\/Screenshot-2025-11-07-at-13.22.00-80x80.png 80w, https:\/\/www.gravuragaleria.com.br\/wp-content\/uploads\/2025\/11\/Screenshot-2025-11-07-at-13.22.00-36x36.png 36w, https:\/\/www.gravuragaleria.com.br\/wp-content\/uploads\/2025\/11\/Screenshot-2025-11-07-at-13.22.00-180x180.png 180w, https:\/\/www.gravuragaleria.com.br\/wp-content\/uploads\/2025\/11\/Screenshot-2025-11-07-at-13.22.00-120x120.png 120w, https:\/\/www.gravuragaleria.com.br\/wp-content\/uploads\/2025\/11\/Screenshot-2025-11-07-at-13.22.00-450x450.png 450w, https:\/\/www.gravuragaleria.com.br\/wp-content\/uploads\/2025\/11\/Screenshot-2025-11-07-at-13.22.00-300x300.png 300w, https:\/\/www.gravuragaleria.com.br\/wp-content\/uploads\/2025\/11\/Screenshot-2025-11-07-at-13.22.00-100x100.png 100w\" sizes=\"auto, (max-width: 80px) 100vw, 80px\" \/><\/a><\/div><div class='av-magazine-content-wrap'><header class='entry-content-header'><time class='av-magazine-time updated'  itemprop=\"datePublished\" datetime=\"2025-11-07T12:05:15-03:00\" >7 de novembro de 2025<\/time><h3 class='av-magazine-title entry-title '  itemprop=\"headline\" ><a href='https:\/\/www.gravuragaleria.com.br\/?p=26869' title='Link to: Duas exposi\u00e7\u00f5es simult\u00e2neas inauguram em novembro em Porto Alegre'>Duas exposi\u00e7\u00f5es simult\u00e2neas inauguram em novembro em Porto Alegre<\/a><\/h3><\/header><\/div><footer class='entry-footer'><\/footer><\/article><\/div><\/div><\/div><div class=\"flex_column av_one_third  flex_column_div av-zero-column-padding   avia-builder-el-21  el_after_av_one_third  el_before_av_button_big  avia-builder-el-last  \" style='border-radius:0px; '><div  id=\"3\"  class='av-magazine   avia-builder-el-22  avia-builder-el-no-sibling   ' ><div class='av-magazine-group sort_all'><article class='av-magazine-entry av-magazine-entry-id-26657 av-magazine-format-standard av-magazine-type-post av-magazine-entry-1 av-magazine-entry-small '  itemscope=\"itemscope\" itemtype=\"https:\/\/schema.org\/CreativeWork\" ><div class='av-magazine-thumbnail'><a href='https:\/\/www.gravuragaleria.com.br\/?p=26657' title='Link to: Que pa\u00eds \u00e9 este? Nova exposi\u00e7\u00e3o na Gravura Galeria de Arte provoca seu p\u00fablico' class='av-magazine-thumbnail-link '><img loading=\"lazy\" decoding=\"async\" width=\"80\" height=\"80\" src=\"https:\/\/www.gravuragaleria.com.br\/wp-content\/uploads\/2025\/10\/Screenshot-2025-10-03-at-10.46.22-80x80.png\" class=\"attachment-thumbnail size-thumbnail wp-post-image\" alt=\"\" srcset=\"https:\/\/www.gravuragaleria.com.br\/wp-content\/uploads\/2025\/10\/Screenshot-2025-10-03-at-10.46.22-80x80.png 80w, https:\/\/www.gravuragaleria.com.br\/wp-content\/uploads\/2025\/10\/Screenshot-2025-10-03-at-10.46.22-36x36.png 36w, https:\/\/www.gravuragaleria.com.br\/wp-content\/uploads\/2025\/10\/Screenshot-2025-10-03-at-10.46.22-180x180.png 180w, https:\/\/www.gravuragaleria.com.br\/wp-content\/uploads\/2025\/10\/Screenshot-2025-10-03-at-10.46.22-120x120.png 120w, https:\/\/www.gravuragaleria.com.br\/wp-content\/uploads\/2025\/10\/Screenshot-2025-10-03-at-10.46.22-450x450.png 450w, https:\/\/www.gravuragaleria.com.br\/wp-content\/uploads\/2025\/10\/Screenshot-2025-10-03-at-10.46.22-300x300.png 300w, https:\/\/www.gravuragaleria.com.br\/wp-content\/uploads\/2025\/10\/Screenshot-2025-10-03-at-10.46.22-100x100.png 100w\" sizes=\"auto, (max-width: 80px) 100vw, 80px\" \/><\/a><\/div><div class='av-magazine-content-wrap'><header class='entry-content-header'><time class='av-magazine-time updated'  itemprop=\"datePublished\" datetime=\"2025-10-02T12:13:03-03:00\" >2 de outubro de 2025<\/time><h3 class='av-magazine-title entry-title '  itemprop=\"headline\" ><a href='https:\/\/www.gravuragaleria.com.br\/?p=26657' title='Link to: Que pa\u00eds \u00e9 este? Nova exposi\u00e7\u00e3o na Gravura Galeria de Arte provoca seu p\u00fablico'>Que pa\u00eds \u00e9 este? Nova exposi\u00e7\u00e3o na Gravura Galeria de Arte provoca seu p\u00fablico<\/a><\/h3><\/header><\/div><footer class='entry-footer'><\/footer><\/article><article class='av-magazine-entry av-magazine-entry-id-26611 av-magazine-format-standard av-magazine-type-post av-magazine-entry-2 av-magazine-entry-small '  itemscope=\"itemscope\" itemtype=\"https:\/\/schema.org\/CreativeWork\" ><div class='av-magazine-thumbnail'><a href='https:\/\/www.gravuragaleria.com.br\/?p=26611' title='Link to: Gravura Galeria de Arte recebe duas exposi\u00e7\u00f5es que dialogam entre mem\u00f3ria, natureza e paisagem urbana' class='av-magazine-thumbnail-link '><img loading=\"lazy\" decoding=\"async\" width=\"80\" height=\"80\" src=\"https:\/\/www.gravuragaleria.com.br\/wp-content\/uploads\/2025\/09\/Screenshot-2025-08-26-at-17.43.40-80x80.png\" class=\"attachment-thumbnail size-thumbnail wp-post-image\" alt=\"\" srcset=\"https:\/\/www.gravuragaleria.com.br\/wp-content\/uploads\/2025\/09\/Screenshot-2025-08-26-at-17.43.40-80x80.png 80w, https:\/\/www.gravuragaleria.com.br\/wp-content\/uploads\/2025\/09\/Screenshot-2025-08-26-at-17.43.40-36x36.png 36w, https:\/\/www.gravuragaleria.com.br\/wp-content\/uploads\/2025\/09\/Screenshot-2025-08-26-at-17.43.40-180x180.png 180w, https:\/\/www.gravuragaleria.com.br\/wp-content\/uploads\/2025\/09\/Screenshot-2025-08-26-at-17.43.40-120x120.png 120w, https:\/\/www.gravuragaleria.com.br\/wp-content\/uploads\/2025\/09\/Screenshot-2025-08-26-at-17.43.40-450x450.png 450w, https:\/\/www.gravuragaleria.com.br\/wp-content\/uploads\/2025\/09\/Screenshot-2025-08-26-at-17.43.40-300x300.png 300w, https:\/\/www.gravuragaleria.com.br\/wp-content\/uploads\/2025\/09\/Screenshot-2025-08-26-at-17.43.40-100x100.png 100w\" sizes=\"auto, (max-width: 80px) 100vw, 80px\" \/><\/a><\/div><div class='av-magazine-content-wrap'><header class='entry-content-header'><time class='av-magazine-time updated'  itemprop=\"datePublished\" datetime=\"2025-09-01T15:05:22-03:00\" >1 de setembro de 2025<\/time><h3 class='av-magazine-title entry-title '  itemprop=\"headline\" ><a href='https:\/\/www.gravuragaleria.com.br\/?p=26611' title='Link to: Gravura Galeria de Arte recebe duas exposi\u00e7\u00f5es que dialogam entre mem\u00f3ria, natureza e paisagem urbana'>Gravura Galeria de Arte recebe duas exposi\u00e7\u00f5es que dialogam entre mem\u00f3ria, natureza e paisagem urbana<\/a><\/h3><\/header><\/div><footer class='entry-footer'><\/footer><\/article><article class='av-magazine-entry av-magazine-entry-id-26608 av-magazine-format-standard av-magazine-type-post av-magazine-entry-3 av-magazine-entry-small '  itemscope=\"itemscope\" itemtype=\"https:\/\/schema.org\/CreativeWork\" ><div class='av-magazine-thumbnail'><a href='https:\/\/www.gravuragaleria.com.br\/?p=26608' title='Link to: Gravura Galeria de Arte representa o Rio Grande do Sul na FASSP \u2013 Feira de Arte Social de S\u00e3o Paulo' class='iconfont av-magazine-entry-icon' aria-hidden='true' data-av_icon='\ue836' data-av_iconfont='entypo-fontello'><\/a><\/div><div class='av-magazine-content-wrap'><header class='entry-content-header'><time class='av-magazine-time updated'  itemprop=\"datePublished\" datetime=\"2025-08-27T11:10:36-03:00\" >27 de agosto de 2025<\/time><h3 class='av-magazine-title entry-title '  itemprop=\"headline\" ><a href='https:\/\/www.gravuragaleria.com.br\/?p=26608' title='Link to: Gravura Galeria de Arte representa o Rio Grande do Sul na FASSP \u2013 Feira de Arte Social de S\u00e3o Paulo'>Gravura Galeria de Arte representa o Rio Grande do Sul na FASSP \u2013 Feira de Arte Social de S\u00e3o Paulo<\/a><\/h3><\/header><\/div><footer class='entry-footer'><\/footer><\/article><article class='av-magazine-entry av-magazine-entry-id-26521 av-magazine-format-standard av-magazine-type-post av-magazine-entry-4 av-magazine-entry-small '  itemscope=\"itemscope\" itemtype=\"https:\/\/schema.org\/CreativeWork\" ><div class='av-magazine-thumbnail'><a href='https:\/\/www.gravuragaleria.com.br\/?p=26521' title='Link to: \u201cENTRELINHAS\u201d \u00e9 a nova exposi\u00e7\u00e3o coletiva na Gravura Galeria de Arte' class='av-magazine-thumbnail-link '><img loading=\"lazy\" decoding=\"async\" width=\"80\" height=\"80\" src=\"https:\/\/www.gravuragaleria.com.br\/wp-content\/uploads\/2025\/07\/Screenshot-2025-07-28-at-15.12.38-80x80.png\" class=\"attachment-thumbnail size-thumbnail wp-post-image\" alt=\"\" srcset=\"https:\/\/www.gravuragaleria.com.br\/wp-content\/uploads\/2025\/07\/Screenshot-2025-07-28-at-15.12.38-80x80.png 80w, https:\/\/www.gravuragaleria.com.br\/wp-content\/uploads\/2025\/07\/Screenshot-2025-07-28-at-15.12.38-36x36.png 36w, https:\/\/www.gravuragaleria.com.br\/wp-content\/uploads\/2025\/07\/Screenshot-2025-07-28-at-15.12.38-180x180.png 180w, https:\/\/www.gravuragaleria.com.br\/wp-content\/uploads\/2025\/07\/Screenshot-2025-07-28-at-15.12.38-120x120.png 120w, https:\/\/www.gravuragaleria.com.br\/wp-content\/uploads\/2025\/07\/Screenshot-2025-07-28-at-15.12.38-450x450.png 450w, https:\/\/www.gravuragaleria.com.br\/wp-content\/uploads\/2025\/07\/Screenshot-2025-07-28-at-15.12.38-300x300.png 300w, https:\/\/www.gravuragaleria.com.br\/wp-content\/uploads\/2025\/07\/Screenshot-2025-07-28-at-15.12.38-100x100.png 100w\" sizes=\"auto, (max-width: 80px) 100vw, 80px\" \/><\/a><\/div><div class='av-magazine-content-wrap'><header class='entry-content-header'><time class='av-magazine-time updated'  itemprop=\"datePublished\" datetime=\"2025-07-28T15:35:39-03:00\" >28 de julho de 2025<\/time><h3 class='av-magazine-title entry-title '  itemprop=\"headline\" ><a href='https:\/\/www.gravuragaleria.com.br\/?p=26521' title='Link to: \u201cENTRELINHAS\u201d \u00e9 a nova exposi\u00e7\u00e3o coletiva na Gravura Galeria de Arte'>\u201cENTRELINHAS\u201d \u00e9 a nova exposi\u00e7\u00e3o coletiva na Gravura Galeria de Arte<\/a><\/h3><\/header><\/div><footer class='entry-footer'><\/footer><\/article><\/div><\/div><\/div><div  class='avia-button-wrap avia-button-center  avia-builder-el-23  el_after_av_one_third  avia-builder-el-last ' ><a href='https:\/\/www.gravuragaleria.com.br\/?page_id=930' class='avia-button avia-button-fullwidth   avia-icon_select-no avia-color-theme-color '  style='color:#ffffff; ' ><span class='avia_iconbox_title' >Ver todas<\/span><span class='avia_button_background avia-button avia-button-fullwidth avia-color-theme-color' ><\/span><\/a><\/div>\n\n<\/div><\/div><\/div><!-- close content main div --><\/div><\/div><div id='av_section_3'  class='avia-section main_color avia-section-large avia-no-border-styling  avia-full-stretch av-parallax-section avia-bg-style-parallax  avia-builder-el-24  el_after_av_section  el_before_av_section   av-minimum-height av-minimum-height-75  container_wrap fullsize' style=' '  data-section-bg-repeat='stretch' data-av_minimum_height_pc='75'><div class='av-parallax' data-avia-parallax-ratio='0.3' ><div class='av-parallax-inner main_color  avia-full-stretch' style = 'background-repeat: no-repeat; background-image: url(https:\/\/www.gravuragaleria.com.br\/wp-content\/uploads\/2018\/05\/artist-painting-artwork-at-workspace-PJL62LX-1500x1001.jpg);background-attachment: scroll; background-position: center center; ' ><\/div><\/div><div class='container' ><div class='template-page content  av-content-full alpha units'><div class='post-entry post-entry-type-page post-entry-817'><div class='entry-content-wrapper clearfix'>\n<div class=\"flex_column av_three_fifth  flex_column_div av-zero-column-padding first  avia-builder-el-25  el_before_av_two_fifth  avia-builder-el-first  \" style='border-radius:0px; '><\/div><div class=\"flex_column av_two_fifth  flex_column_div   avia-builder-el-26  el_after_av_three_fifth  avia-builder-el-last  \" style='background:url(https:\/\/www.gravuragaleria.com.br\/wp-content\/uploads\/2018\/05\/gradient.png) center center repeat ; padding:30px; border-radius:0px; '><p><div  style='padding-bottom:10px; color:#ffffff;' class='av-special-heading av-special-heading-h1 custom-color-heading blockquote modern-quote  avia-builder-el-27  el_before_av_hr  avia-builder-el-first  '><h1 class='av-special-heading-tag '  itemprop=\"headline\"  >OFICINAS<bR>DE ARTE<\/h1><div class='special-heading-border'><div class='special-heading-inner-border' style='border-color:#ffffff'><\/div><\/div><\/div><br \/>\n<div  style=' margin-top:30px; margin-bottom:30px;'  class='hr hr-custom hr-left hr-icon-no   avia-builder-el-28  el_after_av_heading  el_before_av_textblock '><span class='hr-inner  inner-border-av-border-thin' style=' width:100px; border-color:#ffffff;' ><span class='hr-inner-style'><\/span><\/span><\/div><br \/>\n<section class=\"av_textblock_section \"  itemscope=\"itemscope\" itemtype=\"https:\/\/schema.org\/CreativeWork\" ><div class='avia_textblock  av_inherit_color '  style='color:#ffffff; '  itemprop=\"text\" ><p>O Espa\u00e7o Rosita Galbinski oferece diversas oficinas de arte, que abordam t\u00e9cnicas como desenho cl\u00e1ssico, pintura \u00e0 \u00f3leo e aquarela.<\/p>\n<p><a href=\"http:\/\/gravuragaleria1.tempsite.ws\/cursos\/\">Saiba mais<\/a><\/p>\n<\/div><\/section><\/p><\/div>\n\n<\/div><\/div><\/div><!-- close content main div --><\/div><\/div><div id='av_section_4'  class='avia-section main_color avia-section-no-padding avia-no-border-styling  avia-bg-style-parallax  avia-builder-el-30  el_after_av_section  el_before_av_section   container_wrap fullsize' style='background-color: #ffffff;  '  ><div class='container' ><div class='template-page content  av-content-full alpha units'><div class='post-entry post-entry-type-page post-entry-817'><div class='entry-content-wrapper clearfix'>\n<div class='flex_column_table av-equal-height-column-flextable -flextable' ><div class=\"flex_column av_one_fifth  av-hide-on-mobile  flex_column_table_cell av-equal-height-column av-align-middle av-zero-column-padding first  avia-builder-el-31  el_before_av_one_fifth  avia-builder-el-first  \" style='border-radius:0px; '><\/div><div class='av-flex-placeholder'><\/div><div class=\"flex_column av_one_fifth  flex_column_table_cell av-equal-height-column av-align-middle av-zero-column-padding   avia-builder-el-32  el_after_av_one_fifth  el_before_av_three_fifth  \" style='border-radius:0px; '><p><div  style='padding-bottom:10px; ' class='av-special-heading av-special-heading-h1  blockquote modern-quote  avia-builder-el-33  el_before_av_hr  avia-builder-el-first  '><h1 class='av-special-heading-tag '  itemprop=\"headline\"  >GRAVURA 20 ANOS<\/h1><div class='special-heading-border'><div class='special-heading-inner-border' ><\/div><\/div><\/div><br \/>\n<div  style=' margin-top:30px; margin-bottom:30px;'  class='hr hr-custom hr-left hr-icon-no   avia-builder-el-34  el_after_av_heading  el_before_av_textblock '><span class='hr-inner  inner-border-av-border-thin' style=' width:100px; border-color:#ffffff;' ><span class='hr-inner-style'><\/span><\/span><\/div><br \/>\n<section class=\"av_textblock_section \"  itemscope=\"itemscope\" itemtype=\"https:\/\/schema.org\/CreativeWork\" ><div class='avia_textblock  '   itemprop=\"text\" ><p>Conhe\u00e7a a trajet\u00f3ria da Galeria Gravura, na edi\u00e7\u00e3o online deste livro.<\/p>\n<p><a href=\"https:\/\/issuu.com\/nascapas\/docs\/livroissuu\">Ler agora<\/a><\/p>\n<\/div><\/section><\/p><\/div><div class='av-flex-placeholder'><\/div><div class=\"flex_column av_three_fifth  flex_column_table_cell av-equal-height-column av-align-middle av-zero-column-padding   avia-builder-el-36  el_after_av_one_fifth  avia-builder-el-last  \" style='border-radius:0px; '><div  class='avia-image-container  av-styling-    avia-builder-el-37  avia-builder-el-no-sibling  avia-align-center '  itemprop=\"image\" itemscope=\"itemscope\" itemtype=\"https:\/\/schema.org\/ImageObject\"  ><div class='avia-image-container-inner'><div class='avia-image-overlay-wrap'><img class='avia_image' src='https:\/\/www.gravuragaleria.com.br\/wp-content\/uploads\/2018\/07\/livro20anos-845x684.jpg' alt='' title='livro20anos' height=\"684\" width=\"845\"  itemprop=\"thumbnailUrl\"  \/><\/div><\/div><\/div><\/div><\/div><!--close column table wrapper. Autoclose: 1 -->\n\n<\/div><\/div><\/div><!-- close content main div --><\/div><\/div><div id='av_section_5'  class='avia-section main_color avia-section-huge avia-no-border-styling  avia-full-stretch av-parallax-section av-section-color-overlay-active avia-bg-style-parallax  avia-builder-el-38  el_after_av_section  el_before_av_section   av-minimum-height av-minimum-height-50  container_wrap fullsize' style=' '  data-section-bg-repeat='stretch' data-av_minimum_height_pc='50'><div class='av-parallax' data-avia-parallax-ratio='0.3' ><div class='av-parallax-inner main_color  avia-full-stretch' style = 'background-repeat: no-repeat; background-image: url(https:\/\/www.gravuragaleria.com.br\/wp-content\/uploads\/2018\/05\/palette-with-paints-Pwqwqwqw2PYYEW-1500x1001.jpg);background-attachment: scroll; background-position: center center; ' ><\/div><\/div><div class='av-section-color-overlay-wrap'><div class='av-section-color-overlay' style='opacity: 0.5; background-color: #000000; '><\/div><div class='container' ><div class='template-page content  av-content-full alpha units'><div class='post-entry post-entry-type-page post-entry-817'><div class='entry-content-wrapper clearfix'>\n<div class=\"flex_column av_one_fifth  flex_column_div av-zero-column-padding first  avia-builder-el-39  el_before_av_three_fifth  avia-builder-el-first  \" style='border-radius:0px; '><\/div><div class=\"flex_column av_three_fifth  flex_column_div av-zero-column-padding   avia-builder-el-40  el_after_av_one_fifth  el_before_av_one_fifth  \" style='border-radius:0px; '><p><div  style='padding-bottom:10px; color:#ffffff;' class='av-special-heading av-special-heading-h2 custom-color-heading blockquote modern-quote modern-centered  avia-builder-el-41  el_before_av_contact  avia-builder-el-first  '><h2 class='av-special-heading-tag '  itemprop=\"headline\"  >NOVIDADES E EXPOSI\u00c7\u00d5ES<BR>CADASTRE-SE NA NEWSLETTER<\/h2><div class='special-heading-border'><div class='special-heading-inner-border' style='border-color:#ffffff'><\/div><\/div><\/div><br \/>\n<form action=\"https:\/\/www.gravuragaleria.com.br\/\" method=\"post\"  class=\"avia_ajax_form av-form-labels-visible   avia-builder-el-42  el_after_av_heading  avia-builder-el-last   \" data-avia-form-id=\"1\" data-avia-redirect='' ><fieldset><p class='  first_form  form_element form_element_half av-last-visible-form-element' id='element_avia_1_1'><label for=\"avia_1_1\">E-Mail <abbr class=\"required\" title=\"required\">*<\/abbr><\/label> <input name=\"avia_1_1\" class=\"text_input is_email\" type=\"text\" id=\"avia_1_1\" value=\"\" \/><\/p><p class=\"hidden\"><input type=\"text\" name=\"avia_2_1\" class=\"hidden \" id=\"avia_2_1\" value=\"\" \/><\/p><p class=\"form_element form_element_half modified_width\"><input type=\"hidden\" value=\"1\" name=\"avia_generated_form1\" \/><input type=\"submit\" value=\"Cadastrar\" class=\"button\"  data-sending-label=\"Sending\"\/><\/p><\/fieldset><\/form><div id=\"ajaxresponse_1\" class=\"ajaxresponse ajaxresponse_1 hidden\"><\/div><\/p><\/div><div class=\"flex_column av_one_fifth  flex_column_div av-zero-column-padding   avia-builder-el-43  el_after_av_three_fifth  avia-builder-el-last  \" style='border-radius:0px; '><\/div>\n\n<\/div><\/div><\/div><!-- close content main div --><\/div><\/div><\/div><div id='av_section_6'  class='avia-section main_color avia-section-huge avia-no-border-styling  avia-full-stretch av-parallax-section av-section-color-overlay-active avia-bg-style-parallax  avia-builder-el-44  el_after_av_section  avia-builder-el-last   av-minimum-height av-minimum-height-25  container_wrap fullsize' style=' '  data-section-bg-repeat='stretch' data-av_minimum_height_pc='25'><div class='av-parallax' data-avia-parallax-ratio='0.3' ><div class='av-parallax-inner main_color  avia-full-stretch' style = 'background-repeat: no-repeat; background-image: url(https:\/\/www.gravuragaleria.com.br\/wp-content\/uploads\/2024\/07\/k-300x102.png);background-attachment: scroll; background-position: center center; ' ><\/div><\/div><div class='av-section-color-overlay-wrap'><div class='av-section-color-overlay' style='opacity: 0.1; background-color: #000000; '><\/div><div class='container' ><div class='template-page content  av-content-full alpha units'><div class='post-entry post-entry-type-page post-entry-817'><div class='entry-content-wrapper clearfix'>\n<div class=\"flex_column av_one_fifth  flex_column_div av-zero-column-padding first  avia-builder-el-45  el_before_av_three_fifth  avia-builder-el-first  \" style='border-radius:0px; '><\/div><div class=\"flex_column av_three_fifth  flex_column_div av-zero-column-padding   avia-builder-el-46  el_after_av_one_fifth  avia-builder-el-last  \" style='border-radius:0px; '><div  style='padding-bottom:10px; color:#ffffff;' class='av-special-heading av-special-heading-h2 custom-color-heading blockquote modern-quote modern-centered  avia-builder-el-47  avia-builder-el-no-sibling  '><h2 class='av-special-heading-tag '  itemprop=\"headline\"  >Explore o <a href=\"https:\/\/www.kayak.com.br\/Porto-Alegre.26252.guide\">Guia de viagens Porto Alegre<\/a> para obter mais ideias.<\/h2><div class='special-heading-border'><div class='special-heading-inner-border' style='border-color:#ffffff'><\/div><\/div><\/div><\/div>","protected":false},"excerpt":{"rendered":"","protected":false},"author":1,"featured_media":0,"parent":0,"menu_order":0,"comment_status":"closed","ping_status":"closed","template":"","meta":{"footnotes":""},"class_list":["post-817","page","type-page","status-publish","hentry"],"_links":{"self":[{"href":"https:\/\/www.gravuragaleria.com.br\/index.php?rest_route=\/wp\/v2\/pages\/817","targetHints":{"allow":["GET"]}}],"collection":[{"href":"https:\/\/www.gravuragaleria.com.br\/index.php?rest_route=\/wp\/v2\/pages"}],"about":[{"href":"https:\/\/www.gravuragaleria.com.br\/index.php?rest_route=\/wp\/v2\/types\/page"}],"author":[{"embeddable":true,"href":"https:\/\/www.gravuragaleria.com.br\/index.php?rest_route=\/wp\/v2\/users\/1"}],"replies":[{"embeddable":true,"href":"https:\/\/www.gravuragaleria.com.br\/index.php?rest_route=%2Fwp%2Fv2%2Fcomments&post=817"}],"version-history":[{"count":48,"href":"https:\/\/www.gravuragaleria.com.br\/index.php?rest_route=\/wp\/v2\/pages\/817\/revisions"}],"predecessor-version":[{"id":24952,"href":"https:\/\/www.gravuragaleria.com.br\/index.php?rest_route=\/wp\/v2\/pages\/817\/revisions\/24952"}],"wp:attachment":[{"href":"https:\/\/www.gravuragaleria.com.br\/index.php?rest_route=%2Fwp%2Fv2%2Fmedia&parent=817"}],"curies":[{"name":"wp","href":"https:\/\/api.w.org\/{rel}","templated":true}]}}